{"id":46,"date":"2024-11-06T16:46:44","date_gmt":"2024-11-06T19:46:44","guid":{"rendered":"https:\/\/fphv.org\/?page_id=46"},"modified":"2024-11-26T09:13:44","modified_gmt":"2024-11-26T12:13:44","slug":"novedades","status":"publish","type":"page","link":"https:\/\/fphv.org\/?page_id=46","title":{"rendered":"Novedades"},"content":{"rendered":"\t\t<div data-elementor-type=\"wp-page\" data-elementor-id=\"46\" class=\"elementor elementor-46\" data-elementor-post-type=\"page\">\n\t\t\t\t<div class=\"elementor-element elementor-element-1de70e9a e-flex e-con-boxed e-con e-parent\" data-id=\"1de70e9a\" data-element_type=\"container\" data-settings=\"{&quot;background_background&quot;:&quot;classic&quot;}\">\n\t\t\t\t\t<div class=\"e-con-inner\">\n\t\t\t\t<div class=\"elementor-element elementor-element-40465aeb elementor-widget elementor-widget-heading\" data-id=\"40465aeb\" data-element_type=\"widget\" data-widget_type=\"heading.default\">\n\t\t\t\t<div class=\"elementor-widget-container\">\n\t\t\t\t\t<h2 class=\"elementor-heading-title elementor-size-default\">Novedades<\/h2>\t\t\t\t<\/div>\n\t\t\t\t<\/div>\n\t\t\t\t<div class=\"elementor-element elementor-element-3319ffe4 elementor-widget elementor-widget-text-editor\" data-id=\"3319ffe4\" data-element_type=\"widget\" data-widget_type=\"text-editor.default\">\n\t\t\t\t<div class=\"elementor-widget-container\">\n\t\t\t\t\t\t\t\t\t<p>Enterate de todo lo que pasa en nuestra casa<\/p>\t\t\t\t\t\t\t\t<\/div>\n\t\t\t\t<\/div>\n\t\t\t\t\t<\/div>\n\t\t\t\t<\/div>\n\t\t<div class=\"elementor-element elementor-element-33cfdd3 e-flex e-con-boxed e-con e-parent\" data-id=\"33cfdd3\" data-element_type=\"container\">\n\t\t\t\t\t<div class=\"e-con-inner\">\n\t\t\t\t\t<\/div>\n\t\t\t\t<\/div>\n\t\t<div class=\"elementor-element elementor-element-57ffecd4 e-flex e-con-boxed e-con e-parent\" data-id=\"57ffecd4\" data-element_type=\"container\">\n\t\t\t\t\t<div class=\"e-con-inner\">\n\t\t\t\t<div class=\"elementor-element elementor-element-ad88142 elementor-grid-4 elementor-grid-tablet-2 elementor-grid-mobile-1 elementor-posts--thumbnail-top elementor-card-shadow-yes elementor-posts__hover-gradient elementor-widget elementor-widget-posts\" data-id=\"ad88142\" data-element_type=\"widget\" data-settings=\"{&quot;cards_columns&quot;:&quot;4&quot;,&quot;cards_row_gap&quot;:{&quot;unit&quot;:&quot;px&quot;,&quot;size&quot;:20,&quot;sizes&quot;:[]},&quot;pagination_type&quot;:&quot;numbers&quot;,&quot;cards_columns_tablet&quot;:&quot;2&quot;,&quot;cards_columns_mobile&quot;:&quot;1&quot;,&quot;cards_row_gap_tablet&quot;:{&quot;unit&quot;:&quot;px&quot;,&quot;size&quot;:&quot;&quot;,&quot;sizes&quot;:[]},&quot;cards_row_gap_mobile&quot;:{&quot;unit&quot;:&quot;px&quot;,&quot;size&quot;:&quot;&quot;,&quot;sizes&quot;:[]}}\" data-widget_type=\"posts.cards\">\n\t\t\t\t<div class=\"elementor-widget-container\">\n\t\t\t\t\t\t\t<div class=\"elementor-posts-container elementor-posts elementor-posts--skin-cards elementor-grid\">\n\t\t\t\t<article class=\"elementor-post elementor-grid-item post-1461 post type-post status-publish format-standard has-post-thumbnail hentry category-eventos\">\n\t\t\t<div class=\"elementor-post__card\">\n\t\t\t\t<a class=\"elementor-post__thumbnail__link\" href=\"https:\/\/fphv.org\/?p=1461\" tabindex=\"-1\" ><div class=\"elementor-post__thumbnail\"><img fetchpriority=\"high\" decoding=\"async\" width=\"800\" height=\"1000\" src=\"https:\/\/fphv.org\/wp-content\/uploads\/2025\/06\/FPHV-13-6-25-819x1024.jpg\" class=\"attachment-large size-large wp-image-1462\" alt=\"\" srcset=\"https:\/\/fphv.org\/wp-content\/uploads\/2025\/06\/FPHV-13-6-25-819x1024.jpg 819w, https:\/\/fphv.org\/wp-content\/uploads\/2025\/06\/FPHV-13-6-25-240x300.jpg 240w, https:\/\/fphv.org\/wp-content\/uploads\/2025\/06\/FPHV-13-6-25-768x960.jpg 768w, https:\/\/fphv.org\/wp-content\/uploads\/2025\/06\/FPHV-13-6-25-1228x1536.jpg 1228w, https:\/\/fphv.org\/wp-content\/uploads\/2025\/06\/FPHV-13-6-25.jpg 1350w\" sizes=\"(max-width: 800px) 100vw, 800px\" \/><\/div><\/a>\n\t\t\t\t<div class=\"elementor-post__text\">\n\t\t\t\t<h3 class=\"elementor-post__title\">\n\t\t\t<a href=\"https:\/\/fphv.org\/?p=1461\" >\n\t\t\t\t15 de junio es el D\u00eda Mundial de la Toma de Conciencia del Abuso y Maltrato en la Vejez, proclamado por la Asamblea General de las Naciones Unidas\t\t\t<\/a>\n\t\t<\/h3>\n\t\t\t\t<\/div>\n\t\t\t\t<div class=\"elementor-post__meta-data\">\n\t\t\t\t\t<span class=\"elementor-post-date\">\n\t\t\t13 junio, 2025\t\t<\/span>\n\t\t\t\t<\/div>\n\t\t\t\t\t<\/div>\n\t\t<\/article>\n\t\t\t\t<article class=\"elementor-post elementor-grid-item post-1458 post type-post status-publish format-standard has-post-thumbnail hentry category-eventos category-prensa\">\n\t\t\t<div class=\"elementor-post__card\">\n\t\t\t\t<a class=\"elementor-post__thumbnail__link\" href=\"https:\/\/fphv.org\/?p=1458\" tabindex=\"-1\" ><div class=\"elementor-post__thumbnail\"><img decoding=\"async\" width=\"800\" height=\"533\" src=\"https:\/\/fphv.org\/wp-content\/uploads\/2025\/06\/FPHV-9-6-25.jpg\" class=\"attachment-large size-large wp-image-1459\" alt=\"\" srcset=\"https:\/\/fphv.org\/wp-content\/uploads\/2025\/06\/FPHV-9-6-25.jpg 853w, https:\/\/fphv.org\/wp-content\/uploads\/2025\/06\/FPHV-9-6-25-300x200.jpg 300w, https:\/\/fphv.org\/wp-content\/uploads\/2025\/06\/FPHV-9-6-25-768x511.jpg 768w\" sizes=\"(max-width: 800px) 100vw, 800px\" \/><\/div><\/a>\n\t\t\t\t<div class=\"elementor-post__text\">\n\t\t\t\t<h3 class=\"elementor-post__title\">\n\t\t\t<a href=\"https:\/\/fphv.org\/?p=1458\" >\n\t\t\t\tCelebramos el D\u00eda del Periodista\t\t\t<\/a>\n\t\t<\/h3>\n\t\t\t\t<\/div>\n\t\t\t\t<div class=\"elementor-post__meta-data\">\n\t\t\t\t\t<span class=\"elementor-post-date\">\n\t\t\t9 junio, 2025\t\t<\/span>\n\t\t\t\t<\/div>\n\t\t\t\t\t<\/div>\n\t\t<\/article>\n\t\t\t\t<article class=\"elementor-post elementor-grid-item post-1408 post type-post status-publish format-standard has-post-thumbnail hentry category-eventos\">\n\t\t\t<div class=\"elementor-post__card\">\n\t\t\t\t<a class=\"elementor-post__thumbnail__link\" href=\"https:\/\/fphv.org\/?p=1408\" tabindex=\"-1\" ><div class=\"elementor-post__thumbnail\"><img decoding=\"async\" width=\"800\" height=\"1000\" src=\"https:\/\/fphv.org\/wp-content\/uploads\/2025\/05\/FPHV-29-5-25-819x1024.jpg\" class=\"attachment-large size-large wp-image-1409\" alt=\"\" srcset=\"https:\/\/fphv.org\/wp-content\/uploads\/2025\/05\/FPHV-29-5-25-819x1024.jpg 819w, https:\/\/fphv.org\/wp-content\/uploads\/2025\/05\/FPHV-29-5-25-240x300.jpg 240w, https:\/\/fphv.org\/wp-content\/uploads\/2025\/05\/FPHV-29-5-25-768x960.jpg 768w, https:\/\/fphv.org\/wp-content\/uploads\/2025\/05\/FPHV-29-5-25.jpg 1080w\" sizes=\"(max-width: 800px) 100vw, 800px\" \/><\/div><\/a>\n\t\t\t\t<div class=\"elementor-post__text\">\n\t\t\t\t<h3 class=\"elementor-post__title\">\n\t\t\t<a href=\"https:\/\/fphv.org\/?p=1408\" >\n\t\t\t\tSegunda jornada de Industria y Desarrollo Sostenible\t\t\t<\/a>\n\t\t<\/h3>\n\t\t\t\t<\/div>\n\t\t\t\t<div class=\"elementor-post__meta-data\">\n\t\t\t\t\t<span class=\"elementor-post-date\">\n\t\t\t29 mayo, 2025\t\t<\/span>\n\t\t\t\t<\/div>\n\t\t\t\t\t<\/div>\n\t\t<\/article>\n\t\t\t\t<article class=\"elementor-post elementor-grid-item post-1405 post type-post status-publish format-standard has-post-thumbnail hentry category-eventos\">\n\t\t\t<div class=\"elementor-post__card\">\n\t\t\t\t<a class=\"elementor-post__thumbnail__link\" href=\"https:\/\/fphv.org\/?p=1405\" tabindex=\"-1\" ><div class=\"elementor-post__thumbnail\"><img loading=\"lazy\" decoding=\"async\" width=\"800\" height=\"1001\" src=\"https:\/\/fphv.org\/wp-content\/uploads\/2025\/05\/FPHV-28-5-25-818x1024.jpg\" class=\"attachment-large size-large wp-image-1406\" alt=\"\" srcset=\"https:\/\/fphv.org\/wp-content\/uploads\/2025\/05\/FPHV-28-5-25-818x1024.jpg 818w, https:\/\/fphv.org\/wp-content\/uploads\/2025\/05\/FPHV-28-5-25-240x300.jpg 240w, https:\/\/fphv.org\/wp-content\/uploads\/2025\/05\/FPHV-28-5-25-768x961.jpg 768w, https:\/\/fphv.org\/wp-content\/uploads\/2025\/05\/FPHV-28-5-25.jpg 1018w\" sizes=\"(max-width: 800px) 100vw, 800px\" \/><\/div><\/a>\n\t\t\t\t<div class=\"elementor-post__text\">\n\t\t\t\t<h3 class=\"elementor-post__title\">\n\t\t\t<a href=\"https:\/\/fphv.org\/?p=1405\" >\n\t\t\t\tTardes Platenses de T\u00e9 Reprogramado\t\t\t<\/a>\n\t\t<\/h3>\n\t\t\t\t<\/div>\n\t\t\t\t<div class=\"elementor-post__meta-data\">\n\t\t\t\t\t<span class=\"elementor-post-date\">\n\t\t\t28 mayo, 2025\t\t<\/span>\n\t\t\t\t<\/div>\n\t\t\t\t\t<\/div>\n\t\t<\/article>\n\t\t\t\t<article class=\"elementor-post elementor-grid-item post-1402 post type-post status-publish format-standard has-post-thumbnail hentry category-prensa\">\n\t\t\t<div class=\"elementor-post__card\">\n\t\t\t\t<a class=\"elementor-post__thumbnail__link\" href=\"https:\/\/fphv.org\/?p=1402\" tabindex=\"-1\" ><div class=\"elementor-post__thumbnail\"><img loading=\"lazy\" decoding=\"async\" width=\"800\" height=\"1000\" src=\"https:\/\/fphv.org\/wp-content\/uploads\/2025\/05\/FPHV-25-5-25-819x1024.jpg\" class=\"attachment-large size-large wp-image-1403\" alt=\"\" srcset=\"https:\/\/fphv.org\/wp-content\/uploads\/2025\/05\/FPHV-25-5-25-819x1024.jpg 819w, https:\/\/fphv.org\/wp-content\/uploads\/2025\/05\/FPHV-25-5-25-240x300.jpg 240w, https:\/\/fphv.org\/wp-content\/uploads\/2025\/05\/FPHV-25-5-25-768x960.jpg 768w, https:\/\/fphv.org\/wp-content\/uploads\/2025\/05\/FPHV-25-5-25-1229x1536.jpg 1229w, https:\/\/fphv.org\/wp-content\/uploads\/2025\/05\/FPHV-25-5-25.jpg 1440w\" sizes=\"(max-width: 800px) 100vw, 800px\" \/><\/div><\/a>\n\t\t\t\t<div class=\"elementor-post__text\">\n\t\t\t\t<h3 class=\"elementor-post__title\">\n\t\t\t<a href=\"https:\/\/fphv.org\/?p=1402\" >\n\t\t\t\t25 de Mayo | D\u00eda de la Revoluci\u00f3n de Mayo\t\t\t<\/a>\n\t\t<\/h3>\n\t\t\t\t<\/div>\n\t\t\t\t<div class=\"elementor-post__meta-data\">\n\t\t\t\t\t<span class=\"elementor-post-date\">\n\t\t\t25 mayo, 2025\t\t<\/span>\n\t\t\t\t<\/div>\n\t\t\t\t\t<\/div>\n\t\t<\/article>\n\t\t\t\t<article class=\"elementor-post elementor-grid-item post-1399 post type-post status-publish format-standard has-post-thumbnail hentry category-eventos\">\n\t\t\t<div class=\"elementor-post__card\">\n\t\t\t\t<a class=\"elementor-post__thumbnail__link\" href=\"https:\/\/fphv.org\/?p=1399\" tabindex=\"-1\" ><div class=\"elementor-post__thumbnail\"><img loading=\"lazy\" decoding=\"async\" width=\"800\" height=\"800\" src=\"https:\/\/fphv.org\/wp-content\/uploads\/2025\/05\/FPHV-23-5-25-1024x1024.jpg\" class=\"attachment-large size-large wp-image-1400\" alt=\"\" srcset=\"https:\/\/fphv.org\/wp-content\/uploads\/2025\/05\/FPHV-23-5-25-1024x1024.jpg 1024w, https:\/\/fphv.org\/wp-content\/uploads\/2025\/05\/FPHV-23-5-25-300x300.jpg 300w, https:\/\/fphv.org\/wp-content\/uploads\/2025\/05\/FPHV-23-5-25-150x150.jpg 150w, https:\/\/fphv.org\/wp-content\/uploads\/2025\/05\/FPHV-23-5-25-768x768.jpg 768w, https:\/\/fphv.org\/wp-content\/uploads\/2025\/05\/FPHV-23-5-25.jpg 1079w\" sizes=\"(max-width: 800px) 100vw, 800px\" \/><\/div><\/a>\n\t\t\t\t<div class=\"elementor-post__text\">\n\t\t\t\t<h3 class=\"elementor-post__title\">\n\t\t\t<a href=\"https:\/\/fphv.org\/?p=1399\" >\n\t\t\t\tTALLER VIRTUAL CON PERSPECTIVA DE G\u00c9NERO\t\t\t<\/a>\n\t\t<\/h3>\n\t\t\t\t<\/div>\n\t\t\t\t<div class=\"elementor-post__meta-data\">\n\t\t\t\t\t<span class=\"elementor-post-date\">\n\t\t\t23 mayo, 2025\t\t<\/span>\n\t\t\t\t<\/div>\n\t\t\t\t\t<\/div>\n\t\t<\/article>\n\t\t\t\t<article class=\"elementor-post elementor-grid-item post-1396 post type-post status-publish format-standard has-post-thumbnail hentry category-eventos\">\n\t\t\t<div class=\"elementor-post__card\">\n\t\t\t\t<a class=\"elementor-post__thumbnail__link\" href=\"https:\/\/fphv.org\/?p=1396\" tabindex=\"-1\" ><div class=\"elementor-post__thumbnail\"><img loading=\"lazy\" decoding=\"async\" width=\"800\" height=\"1000\" src=\"https:\/\/fphv.org\/wp-content\/uploads\/2025\/05\/FPHV-22-5-25-819x1024.jpg\" class=\"attachment-large size-large wp-image-1397\" alt=\"\" srcset=\"https:\/\/fphv.org\/wp-content\/uploads\/2025\/05\/FPHV-22-5-25-819x1024.jpg 819w, https:\/\/fphv.org\/wp-content\/uploads\/2025\/05\/FPHV-22-5-25-240x300.jpg 240w, https:\/\/fphv.org\/wp-content\/uploads\/2025\/05\/FPHV-22-5-25-768x960.jpg 768w, https:\/\/fphv.org\/wp-content\/uploads\/2025\/05\/FPHV-22-5-25-1229x1536.jpg 1229w, https:\/\/fphv.org\/wp-content\/uploads\/2025\/05\/FPHV-22-5-25.jpg 1350w\" sizes=\"(max-width: 800px) 100vw, 800px\" \/><\/div><\/a>\n\t\t\t\t<div class=\"elementor-post__text\">\n\t\t\t\t<h3 class=\"elementor-post__title\">\n\t\t\t<a href=\"https:\/\/fphv.org\/?p=1396\" >\n\t\t\t\tConversatorio ComPol: \u00bfQu\u00e9 pas\u00f3 en CABA?\t\t\t<\/a>\n\t\t<\/h3>\n\t\t\t\t<\/div>\n\t\t\t\t<div class=\"elementor-post__meta-data\">\n\t\t\t\t\t<span class=\"elementor-post-date\">\n\t\t\t22 mayo, 2025\t\t<\/span>\n\t\t\t\t<\/div>\n\t\t\t\t\t<\/div>\n\t\t<\/article>\n\t\t\t\t<article class=\"elementor-post elementor-grid-item post-1393 post type-post status-publish format-standard has-post-thumbnail hentry category-eventos\">\n\t\t\t<div class=\"elementor-post__card\">\n\t\t\t\t<a class=\"elementor-post__thumbnail__link\" href=\"https:\/\/fphv.org\/?p=1393\" tabindex=\"-1\" ><div class=\"elementor-post__thumbnail\"><img loading=\"lazy\" decoding=\"async\" width=\"768\" height=\"1024\" src=\"https:\/\/fphv.org\/wp-content\/uploads\/2025\/05\/FPHV-21-5-25-768x1024.jpg\" class=\"attachment-large size-large wp-image-1394\" alt=\"\" srcset=\"https:\/\/fphv.org\/wp-content\/uploads\/2025\/05\/FPHV-21-5-25-768x1024.jpg 768w, https:\/\/fphv.org\/wp-content\/uploads\/2025\/05\/FPHV-21-5-25-225x300.jpg 225w, https:\/\/fphv.org\/wp-content\/uploads\/2025\/05\/FPHV-21-5-25-1152x1536.jpg 1152w, https:\/\/fphv.org\/wp-content\/uploads\/2025\/05\/FPHV-21-5-25.jpg 1440w\" sizes=\"(max-width: 768px) 100vw, 768px\" \/><\/div><\/a>\n\t\t\t\t<div class=\"elementor-post__text\">\n\t\t\t\t<h3 class=\"elementor-post__title\">\n\t\t\t<a href=\"https:\/\/fphv.org\/?p=1393\" >\n\t\t\t\tVUELVE! TARDES PLATENSES DE T\u00c9\t\t\t<\/a>\n\t\t<\/h3>\n\t\t\t\t<\/div>\n\t\t\t\t<div class=\"elementor-post__meta-data\">\n\t\t\t\t\t<span class=\"elementor-post-date\">\n\t\t\t21 mayo, 2025\t\t<\/span>\n\t\t\t\t<\/div>\n\t\t\t\t\t<\/div>\n\t\t<\/article>\n\t\t\t\t<article class=\"elementor-post elementor-grid-item post-1392 post type-post status-publish format-standard has-post-thumbnail hentry category-eventos category-prensa\">\n\t\t\t<div class=\"elementor-post__card\">\n\t\t\t\t<a class=\"elementor-post__thumbnail__link\" href=\"https:\/\/fphv.org\/?p=1392\" tabindex=\"-1\" ><div class=\"elementor-post__thumbnail\"><img loading=\"lazy\" decoding=\"async\" width=\"800\" height=\"600\" src=\"https:\/\/fphv.org\/wp-content\/uploads\/2025\/05\/FPHV-17-5-25-1024x768.jpg\" class=\"attachment-large size-large wp-image-1417\" alt=\"\" srcset=\"https:\/\/fphv.org\/wp-content\/uploads\/2025\/05\/FPHV-17-5-25-1024x768.jpg 1024w, https:\/\/fphv.org\/wp-content\/uploads\/2025\/05\/FPHV-17-5-25-300x225.jpg 300w, https:\/\/fphv.org\/wp-content\/uploads\/2025\/05\/FPHV-17-5-25-768x576.jpg 768w, https:\/\/fphv.org\/wp-content\/uploads\/2025\/05\/FPHV-17-5-25-1536x1152.jpg 1536w, https:\/\/fphv.org\/wp-content\/uploads\/2025\/05\/FPHV-17-5-25.jpg 1600w\" sizes=\"(max-width: 800px) 100vw, 800px\" \/><\/div><\/a>\n\t\t\t\t<div class=\"elementor-post__text\">\n\t\t\t\t<h3 class=\"elementor-post__title\">\n\t\t\t<a href=\"https:\/\/fphv.org\/?p=1392\" >\n\t\t\t\tEste viernes recibimos en La Plata a una comitiva de Louisville, Kentucky, ciudad hermana de la nuestra.\t\t\t<\/a>\n\t\t<\/h3>\n\t\t\t\t<\/div>\n\t\t\t\t<div class=\"elementor-post__meta-data\">\n\t\t\t\t\t<span class=\"elementor-post-date\">\n\t\t\t17 mayo, 2025\t\t<\/span>\n\t\t\t\t<\/div>\n\t\t\t\t\t<\/div>\n\t\t<\/article>\n\t\t\t\t<article class=\"elementor-post elementor-grid-item post-1414 post type-post status-publish format-standard has-post-thumbnail hentry category-eventos category-prensa\">\n\t\t\t<div class=\"elementor-post__card\">\n\t\t\t\t<a class=\"elementor-post__thumbnail__link\" href=\"https:\/\/fphv.org\/?p=1414\" tabindex=\"-1\" ><div class=\"elementor-post__thumbnail\"><img loading=\"lazy\" decoding=\"async\" width=\"768\" height=\"1024\" src=\"https:\/\/fphv.org\/wp-content\/uploads\/2025\/05\/FPHV-16-5-25-768x1024.jpg\" class=\"attachment-large size-large wp-image-1420\" alt=\"\" srcset=\"https:\/\/fphv.org\/wp-content\/uploads\/2025\/05\/FPHV-16-5-25-768x1024.jpg 768w, https:\/\/fphv.org\/wp-content\/uploads\/2025\/05\/FPHV-16-5-25-225x300.jpg 225w, https:\/\/fphv.org\/wp-content\/uploads\/2025\/05\/FPHV-16-5-25-1152x1536.jpg 1152w, https:\/\/fphv.org\/wp-content\/uploads\/2025\/05\/FPHV-16-5-25-1536x2048.jpg 1536w, https:\/\/fphv.org\/wp-content\/uploads\/2025\/05\/FPHV-16-5-25-scaled.jpg 1920w\" sizes=\"(max-width: 768px) 100vw, 768px\" \/><\/div><\/a>\n\t\t\t\t<div class=\"elementor-post__text\">\n\t\t\t\t<h3 class=\"elementor-post__title\">\n\t\t\t<a href=\"https:\/\/fphv.org\/?p=1414\" >\n\t\t\t\tAs\u00ed fue el inicio del Conversatorio ComPol\t\t\t<\/a>\n\t\t<\/h3>\n\t\t\t\t<\/div>\n\t\t\t\t<div class=\"elementor-post__meta-data\">\n\t\t\t\t\t<span class=\"elementor-post-date\">\n\t\t\t16 mayo, 2025\t\t<\/span>\n\t\t\t\t<\/div>\n\t\t\t\t\t<\/div>\n\t\t<\/article>\n\t\t\t\t<article class=\"elementor-post elementor-grid-item post-1412 post type-post status-publish format-standard has-post-thumbnail hentry category-eventos category-prensa\">\n\t\t\t<div class=\"elementor-post__card\">\n\t\t\t\t<a class=\"elementor-post__thumbnail__link\" href=\"https:\/\/fphv.org\/?p=1412\" tabindex=\"-1\" ><div class=\"elementor-post__thumbnail\"><img loading=\"lazy\" decoding=\"async\" width=\"800\" height=\"600\" src=\"https:\/\/fphv.org\/wp-content\/uploads\/2025\/05\/FPHV-12-5-25-1024x768.jpg\" class=\"attachment-large size-large wp-image-1419\" alt=\"\" srcset=\"https:\/\/fphv.org\/wp-content\/uploads\/2025\/05\/FPHV-12-5-25-1024x768.jpg 1024w, https:\/\/fphv.org\/wp-content\/uploads\/2025\/05\/FPHV-12-5-25-300x225.jpg 300w, https:\/\/fphv.org\/wp-content\/uploads\/2025\/05\/FPHV-12-5-25-768x576.jpg 768w, https:\/\/fphv.org\/wp-content\/uploads\/2025\/05\/FPHV-12-5-25.jpg 1280w\" sizes=\"(max-width: 800px) 100vw, 800px\" \/><\/div><\/a>\n\t\t\t\t<div class=\"elementor-post__text\">\n\t\t\t\t<h3 class=\"elementor-post__title\">\n\t\t\t<a href=\"https:\/\/fphv.org\/?p=1412\" >\n\t\t\t\tCena del dirigente &#8211; Aniversario 86\u00b0 de la Federaci\u00f3n de Instituciones Culturales y Deportivas de La Plata\t\t\t<\/a>\n\t\t<\/h3>\n\t\t\t\t<\/div>\n\t\t\t\t<div class=\"elementor-post__meta-data\">\n\t\t\t\t\t<span class=\"elementor-post-date\">\n\t\t\t12 mayo, 2025\t\t<\/span>\n\t\t\t\t<\/div>\n\t\t\t\t\t<\/div>\n\t\t<\/article>\n\t\t\t\t<article class=\"elementor-post elementor-grid-item post-1389 post type-post status-publish format-standard has-post-thumbnail hentry category-eventos\">\n\t\t\t<div class=\"elementor-post__card\">\n\t\t\t\t<a class=\"elementor-post__thumbnail__link\" href=\"https:\/\/fphv.org\/?p=1389\" tabindex=\"-1\" ><div class=\"elementor-post__thumbnail\"><img loading=\"lazy\" decoding=\"async\" width=\"800\" height=\"1000\" src=\"https:\/\/fphv.org\/wp-content\/uploads\/2025\/05\/FPHV-10-5-25-819x1024.jpg\" class=\"attachment-large size-large wp-image-1390\" alt=\"\" srcset=\"https:\/\/fphv.org\/wp-content\/uploads\/2025\/05\/FPHV-10-5-25-819x1024.jpg 819w, https:\/\/fphv.org\/wp-content\/uploads\/2025\/05\/FPHV-10-5-25-240x300.jpg 240w, https:\/\/fphv.org\/wp-content\/uploads\/2025\/05\/FPHV-10-5-25-768x960.jpg 768w, https:\/\/fphv.org\/wp-content\/uploads\/2025\/05\/FPHV-10-5-25-1229x1536.jpg 1229w, https:\/\/fphv.org\/wp-content\/uploads\/2025\/05\/FPHV-10-5-25.jpg 1350w\" sizes=\"(max-width: 800px) 100vw, 800px\" \/><\/div><\/a>\n\t\t\t\t<div class=\"elementor-post__text\">\n\t\t\t\t<h3 class=\"elementor-post__title\">\n\t\t\t<a href=\"https:\/\/fphv.org\/?p=1389\" >\n\t\t\t\tConversatorio COMPOL: Inicia un nuevo espacio de pensamiento cr\u00edtico y comunicaci\u00f3n pol\u00edtica\t\t\t<\/a>\n\t\t<\/h3>\n\t\t\t\t<\/div>\n\t\t\t\t<div class=\"elementor-post__meta-data\">\n\t\t\t\t\t<span class=\"elementor-post-date\">\n\t\t\t10 mayo, 2025\t\t<\/span>\n\t\t\t\t<\/div>\n\t\t\t\t\t<\/div>\n\t\t<\/article>\n\t\t\t\t<\/div>\n\t\t\n\t\t\t\t<div class=\"e-load-more-anchor\" data-page=\"1\" data-max-page=\"24\" data-next-page=\"https:\/\/fphv.org\/index.php?rest_route=%2Fwp%2Fv2%2Fpages%2F46&#038;paged=2\"><\/div>\n\t\t\t\t<nav class=\"elementor-pagination\" aria-label=\"Pagination\">\n\t\t\t<span aria-current=\"page\" class=\"page-numbers current\"><span class=\"elementor-screen-only\">Page<\/span>1<\/span>\n<a class=\"page-numbers\" href=\"https:\/\/fphv.org\/index.php\/?paged=2\"><span class=\"elementor-screen-only\">Page<\/span>2<\/a>\n<a class=\"page-numbers\" href=\"https:\/\/fphv.org\/index.php\/?paged=3\"><span class=\"elementor-screen-only\">Page<\/span>3<\/a>\n<span class=\"page-numbers dots\">&hellip;<\/span>\n<a class=\"page-numbers\" href=\"https:\/\/fphv.org\/index.php\/?paged=24\"><span class=\"elementor-screen-only\">Page<\/span>24<\/a>\t\t<\/nav>\n\t\t\t\t\t\t<\/div>\n\t\t\t\t<\/div>\n\t\t\t\t\t<\/div>\n\t\t\t\t<\/div>\n\t\t\t\t<\/div>\n\t\t","protected":false},"excerpt":{"rendered":"<p>Novedades Enterate de todo lo que pasa en nuestra casa<\/p>\n","protected":false},"author":1,"featured_media":0,"parent":0,"menu_order":0,"comment_status":"closed","ping_status":"closed","template":"","meta":{"footnotes":""},"class_list":["post-46","page","type-page","status-publish","hentry"],"_links":{"self":[{"href":"https:\/\/fphv.org\/index.php?rest_route=\/wp\/v2\/pages\/46","targetHints":{"allow":["GET"]}}],"collection":[{"href":"https:\/\/fphv.org\/index.php?rest_route=\/wp\/v2\/pages"}],"about":[{"href":"https:\/\/fphv.org\/index.php?rest_route=\/wp\/v2\/types\/page"}],"author":[{"embeddable":true,"href":"https:\/\/fphv.org\/index.php?rest_route=\/wp\/v2\/users\/1"}],"replies":[{"embeddable":true,"href":"https:\/\/fphv.org\/index.php?rest_route=%2Fwp%2Fv2%2Fcomments&post=46"}],"version-history":[{"count":16,"href":"https:\/\/fphv.org\/index.php?rest_route=\/wp\/v2\/pages\/46\/revisions"}],"predecessor-version":[{"id":809,"href":"https:\/\/fphv.org\/index.php?rest_route=\/wp\/v2\/pages\/46\/revisions\/809"}],"wp:attachment":[{"href":"https:\/\/fphv.org\/index.php?rest_route=%2Fwp%2Fv2%2Fmedia&parent=46"}],"curies":[{"name":"wp","href":"https:\/\/api.w.org\/{rel}","templated":true}]}}